{"id":4500,"date":"2021-10-15T09:22:11","date_gmt":"2021-10-15T06:22:11","guid":{"rendered":"https:\/\/timomustamaki.fi\/valaisimien-entisointi\/"},"modified":"2024-09-16T08:02:33","modified_gmt":"2024-09-16T05:02:33","slug":"renovering-av-kristallkronor","status":"publish","type":"page","link":"https:\/\/timomustamaki.fi\/sv\/renovering-av-kristallkronor\/","title":{"rendered":"Renovering av kristallkronor"},"content":{"rendered":"\r\n\r\n<section class=\"hero site-banner banner-bg-image section-image-only  alignfull image\">\r\n\r\n    <div class=\"site-banner-bg section-bg-image ob-position\" style=\"object-position: 50% 70%\" >\r\n\r\n        <img loading=\"lazy\" decoding=\"async\" width=\"2436\" height=\"2560\" src=\"https:\/\/timomustamaki.fi\/wp-content\/uploads\/2024\/05\/valaisimien-entisointi-timo-mustamaki-scaled.jpg\" class=\"attachment-1536\u00d71536 size-1536\u00d71536\" alt=\"\" srcset=\"https:\/\/timomustamaki.fi\/wp-content\/uploads\/2024\/05\/valaisimien-entisointi-timo-mustamaki-scaled.jpg 2436w, https:\/\/timomustamaki.fi\/wp-content\/uploads\/2024\/05\/valaisimien-entisointi-timo-mustamaki-285x300.jpg 285w, https:\/\/timomustamaki.fi\/wp-content\/uploads\/2024\/05\/valaisimien-entisointi-timo-mustamaki-974x1024.jpg 974w, https:\/\/timomustamaki.fi\/wp-content\/uploads\/2024\/05\/valaisimien-entisointi-timo-mustamaki-768x807.jpg 768w, https:\/\/timomustamaki.fi\/wp-content\/uploads\/2024\/05\/valaisimien-entisointi-timo-mustamaki-1461x1536.jpg 1461w, https:\/\/timomustamaki.fi\/wp-content\/uploads\/2024\/05\/valaisimien-entisointi-timo-mustamaki-1949x2048.jpg 1949w\" sizes=\"auto, (max-width: 2436px) 100vw, 2436px\" \/>\r\n        \r\n        <\/section>\n\n\n<div class=\"wp-block-group alignfull has-black-background-color has-background\"><div class=\"wp-block-group__inner-container is-layout-constrained wp-block-group-is-layout-constrained\">\n<h1 class=\"wp-block-heading has-text-align-center has-yellow-color has-text-color has-link-color wp-elements-9f16b546e1e76889665dc1f0eaf7309a\">Renovering av kristallkronor<\/h1>\n\n\n\n<p class=\"has-text-align-center\">Renovering av kristallkronor har varit v\u00e5r huvudsakliga verksamhet under \u00e5rtionden. V\u00e5rt arbetsrum finns i Borg\u00e5 p\u00e5 Tr\u00e4skv\u00e4gen, men vi \u00e4r verksamma i hela landet d\u00e4r en kristallkrona beh\u00f6ver underh\u00e5ll.<\/p>\n\n\n\n<p class=\"has-text-align-center\">D\u00e5 det finns uppenbara brister i armaturens funktion eller utseende \u00e4r det aktuellt med en renovering.<\/p>\n\n\n\n<p class=\"has-text-align-center\">En armatur som renoveras reng\u00f6rs, delar som saknas eller \u00e4r trasiga repareras eller kompletteras och elektrifieringen f\u00f6rnyas s\u00e5 att den motsvara dagens standard.<\/p>\n<\/div><\/div>\n\n\n\n<div class=\"wp-block-group alignfull has-black-background-color has-background\"><div class=\"wp-block-group__inner-container is-layout-constrained wp-block-group-is-layout-constrained\"><div class=\"image-and-text wp-block is-style-image-text-border has-media-on-the-left\">\r\n<div class=\"row\">\r\n    <div class=\"col-12 col-md-6 image-col\">\r\n\r\n        <img loading=\"lazy\" decoding=\"async\" width=\"709\" height=\"1024\" src=\"https:\/\/timomustamaki.fi\/wp-content\/uploads\/2024\/05\/valaisimien-entisointi-timo-mustamaki-2-scaled-e1716972412146-709x1024.jpg\" class=\"attachment-large size-large\" alt=\"\" srcset=\"https:\/\/timomustamaki.fi\/wp-content\/uploads\/2024\/05\/valaisimien-entisointi-timo-mustamaki-2-scaled-e1716972412146-709x1024.jpg 709w, https:\/\/timomustamaki.fi\/wp-content\/uploads\/2024\/05\/valaisimien-entisointi-timo-mustamaki-2-scaled-e1716972412146-208x300.jpg 208w, https:\/\/timomustamaki.fi\/wp-content\/uploads\/2024\/05\/valaisimien-entisointi-timo-mustamaki-2-scaled-e1716972412146-768x1109.jpg 768w, https:\/\/timomustamaki.fi\/wp-content\/uploads\/2024\/05\/valaisimien-entisointi-timo-mustamaki-2-scaled-e1716972412146-1063x1536.jpg 1063w, https:\/\/timomustamaki.fi\/wp-content\/uploads\/2024\/05\/valaisimien-entisointi-timo-mustamaki-2-scaled-e1716972412146-1418x2048.jpg 1418w, https:\/\/timomustamaki.fi\/wp-content\/uploads\/2024\/05\/valaisimien-entisointi-timo-mustamaki-2-scaled-e1716972412146.jpg 1710w\" sizes=\"auto, (max-width: 709px) 100vw, 709px\" \/>    <\/div>\r\n\r\n    <div class=\"col-12 col-md-6 text-col\"><div class=\"acf-innerblocks-container\">\n\n<h2 class=\"wp-block-heading has-yellow-color has-text-color has-link-color wp-elements-39f74e21fae47fffcd877db36a425d85\">N\u00e4r l\u00f6nar det sig att renovera en belysningsarmatur?<\/h2>\n\n\n\n<p>D\u00e5 du \u00f6verv\u00e4ger att l\u00e5ta renovera en armatur skall du t\u00e4nka p\u00e5 att renoveringskostnaden kan \u00f6verstiga v\u00e4rdet av armaturen. N\u00e4stan allt kan renoveras, men ta ocks\u00e5 i beaktande den ekonomiska aspekten.<\/p>\n\n\n\n<h3 class=\"wp-block-heading has-yellow-color has-text-color has-link-color wp-elements-0465a8285c12b14014e1caab0a839c62\">I en renovering ing\u00e5r:<\/h3>\n\n\n\n<ol class=\"wp-block-list\">\n<li>Armaturens fel och brister konstateras<\/li>\n\n\n\n<li>En ritning g\u00f6rs<\/li>\n\n\n\n<li>Armaturen demonteras<\/li>\n\n\n\n<li>D\u00e5 armaturens konstruktion \u00e4r komplex fotograferas varje steg av demonteringen<\/li>\n\n\n\n<li>Reng\u00f6ring av glas-\u00ad\u2010 och metalldelarna<\/li>\n\n\n\n<li>Montering<\/li>\n\n\n\n<li>Elektrifiering<\/li>\n\n\n\n<li>Glasdelarna binds<\/li>\n\n\n\n<li>Prismor som saknas eller som \u00e4r av fel modell byts ut<\/li>\n\n\n\n<li>Granskning<\/li>\n\n\n\n<li>Transport<\/li>\n\n\n\n<li>Upph\u00e4ngning<\/li>\n\n\n\n<li>Slutgranskning<\/li>\n<\/ol>\n\n\n\n<p>F\u00f6rs\u00e4kra dig om att din renoverade kristallkrona \u00e4r s\u00e4ker under transporten \u2013 kom \u00f6verens om v\u00e5r transport och upph\u00e4ngningstj\u00e4nst.<\/p>\n\n\n\n<div class=\"wp-block-button\"><a class=\"wp-block-button__link wp-element-button\" href=\"https:\/\/timomustamaki.fi\/sv\/kontakt\/\">Kontakta oss<\/a><\/div>\n\n<\/div>\r\n<\/div>\r\n<\/div>\r\n<\/div><\/div><\/div>\n","protected":false},"excerpt":{"rendered":"<p>Renovering av kristallkronor Renovering av kristallkronor har varit v\u00e5r huvudsakliga verksamhet under \u00e5rtionden. V\u00e5rt arbetsrum finns i Borg\u00e5 p\u00e5 Tr\u00e4skv\u00e4gen, men vi \u00e4r verksamma i hela landet d\u00e4r en kristallkrona beh\u00f6ver underh\u00e5ll. D\u00e5 det finns uppenbara brister i armaturens funktion eller utseende \u00e4r det aktuellt med en renovering. En armatur som renoveras reng\u00f6rs, delar som [&hellip;]<\/p>\n","protected":false},"author":1,"featured_media":0,"parent":0,"menu_order":3,"comment_status":"closed","ping_status":"closed","template":"","meta":{"_acf_changed":false,"footnotes":""},"class_list":["post-4500","page","type-page","status-publish","hentry"],"acf":[],"aioseo_notices":[],"_links":{"self":[{"href":"https:\/\/timomustamaki.fi\/sv\/wp-json\/wp\/v2\/pages\/4500","targetHints":{"allow":["GET"]}}],"collection":[{"href":"https:\/\/timomustamaki.fi\/sv\/wp-json\/wp\/v2\/pages"}],"about":[{"href":"https:\/\/timomustamaki.fi\/sv\/wp-json\/wp\/v2\/types\/page"}],"author":[{"embeddable":true,"href":"https:\/\/timomustamaki.fi\/sv\/wp-json\/wp\/v2\/users\/1"}],"replies":[{"embeddable":true,"href":"https:\/\/timomustamaki.fi\/sv\/wp-json\/wp\/v2\/comments?post=4500"}],"version-history":[{"count":0,"href":"https:\/\/timomustamaki.fi\/sv\/wp-json\/wp\/v2\/pages\/4500\/revisions"}],"wp:attachment":[{"href":"https:\/\/timomustamaki.fi\/sv\/wp-json\/wp\/v2\/media?parent=4500"}],"curies":[{"name":"wp","href":"https:\/\/api.w.org\/{rel}","templated":true}]}}